{"id":460,"date":"2021-11-11T20:06:35","date_gmt":"2021-11-11T18:06:35","guid":{"rendered":"http:\/\/www.erims.udl.cat\/?page_id=460"},"modified":"2021-11-11T20:07:30","modified_gmt":"2021-11-11T18:07:30","slug":"projetos-de-pesquisa","status":"publish","type":"page","link":"http:\/\/www.erims.udl.cat\/index.php\/projetos-de-pesquisa\/","title":{"rendered":"Projetos de pesquisa"},"content":{"rendered":"<div class=\"post-content\">\n\t\t\t<div class=\"uagb-post-grid  uagb-post__image-position-top uagb-block-ba919bca   \" data-total=\"1\">\n\n\t\t\t\t<div class=\"uagb-post__items uagb-post__columns-1 is-grid uagb-post__columns-tablet-2 uagb-post__columns-mobile-1 uagb-post__equal-height\">\n\n\t\t\t\t\t\t\t\t<article >\n\t\t\t\t\t\t\t\t\t\t<div class=\"uagb-post__inner-wrap\">\n\t\t\t\t\t\t\t\t\t\t\t\t\t\t\t<div class='uagb-post__text'> \n\t\t\t\t<h3 class=\"uagb-post__title\">\n\t\t\t\t\t<a href=\"http:\/\/www.erims.udl.cat\/index.php\/2023\/09\/15\/conar-4\/\" target=\"_self\" rel=\"bookmark noopener noreferrer\">CONAR<\/a>\n\t\t\t\t<\/h3>\n\t\t\t<\/div>\n\t\t\t\t\t\t<div class='uagb-post__text'> \n\t\t\t<div class=\"uagb-post-grid-byline\">\n\t\t\t\t\t\t\t<\/div>\n\t\t\t<\/div>\n\t\t\t\t\t\t\t<div class='uagb-post__text'> \n\t\t\t\t\t<div class=\"uagb-post__excerpt\">\n\t\t\t\t\t\tCom la reflexi\u00f3 col\u00b7laborativa promou el desenvolupament de resili\u00e8ncia docent en novells a trav\u00e9s de processos de re-appraisal narratiu.\n\n\n\nProjecte finan\u00e7at pel Ministeri de Ci\u00e8ncia i Innovaci\u00f3 (MCIN), l&#8217;Ag\u00e8ncia Estatal d&#8217;Investigaci\u00f3 (AEI\/ 10.13039\/501100011033), i el Fons Europeu de Desenvolupament Regional (FEDER)\n\n\n\n\n\n\n\n\n\n\n\nEn aquest projecte:\n\n\n\nS\u2019estudien processos de reflexi\u00f3 col\u00b7laborativa entre docents novells Es cerquen els mecanismes socials i narratius que promouen el desenvolupament de resili\u00e8ncia \u2026\t\t\t\t\t<\/div>\n\t\t\t<\/div>\n\t\t\t\t\t\t<div class='uagb-post__text'> \n\t\t\t\t<div class=\"uagb-post__cta wp-block-button\">\n\t\t\t\t\t<a class=\"wp-block-button__link uagb-text-link\" href=\"http:\/\/www.erims.udl.cat\/index.php\/2023\/09\/15\/conar-4\/\" target=\"_self\" rel=\"bookmark noopener noreferrer\">Llegeix-ne m\u00e9s<\/a>\n\t\t\t\t<\/div>\n\t\t\t<\/div>\n\t\t\t\t\t\t\t\t<\/div>\n\t\t\t\t\t\t\t\t\t<\/article>\n\t\t\t\t\t\t\t\t<article >\n\t\t\t\t\t\t\t\t\t\t<div class=\"uagb-post__inner-wrap\">\n\t\t\t\t\t\t\t\t\t\t\t\t\t\t\t<div class='uagb-post__text'> \n\t\t\t\t<h3 class=\"uagb-post__title\">\n\t\t\t\t\t<a href=\"http:\/\/www.erims.udl.cat\/index.php\/2021\/05\/06\/narres\/\" target=\"_self\" rel=\"bookmark noopener noreferrer\">NARRES<\/a>\n\t\t\t\t<\/h3>\n\t\t\t<\/div>\n\t\t\t\t\t\t<div class='uagb-post__text'> \n\t\t\t<div class=\"uagb-post-grid-byline\">\n\t\t\t\t\t\t\t<\/div>\n\t\t\t<\/div>\n\t\t\t\t\t\t\t<div class='uagb-post__text'> \n\t\t\t\t\t<div class=\"uagb-post__excerpt\">\n\t\t\t\t\t\tLa relaci\u00f3 entre les narratives i el desenvolupament de la resili\u00e8ncia en els professors.\n\n\n\nProjecte finan\u00e7at pel Ministeri d\u2019Economia, Ind\u00fastria i Competitivitat del Govern d\u2019Espanya, l&#8217;Ag\u00e8ncia Estatal d&#8217;Investigaci\u00f3, i els fons FEDER\n\n\n\n\n\n\n\n\n\n\n\nEn aquest projecte:\n\n\n\nS\u2019estudia l\u2019estructura de les narratives dels docents.Es cerquen relacions entre certs aspectes de les narratives i la resili\u00e8ncia docent.S\u2019estudien els processos de transfomaci\u00f3 de les narratives dels docents.Es comparen les \u2026\t\t\t\t\t<\/div>\n\t\t\t<\/div>\n\t\t\t\t\t\t<div class='uagb-post__text'> \n\t\t\t\t<div class=\"uagb-post__cta wp-block-button\">\n\t\t\t\t\t<a class=\"wp-block-button__link uagb-text-link\" href=\"http:\/\/www.erims.udl.cat\/index.php\/2021\/05\/06\/narres\/\" target=\"_self\" rel=\"bookmark noopener noreferrer\">Llegeix-ne m\u00e9s<\/a>\n\t\t\t\t<\/div>\n\t\t\t<\/div>\n\t\t\t\t\t\t\t\t<\/div>\n\t\t\t\t\t\t\t\t\t<\/article>\n\t\t\t\t\t\t\t\t<\/div>\n\t\t\t\t\t\t\t<\/div>\n\t\t\t\n\n\n<p><\/p>\n\n\n\n<p><\/p>\n<\/div>","protected":false},"excerpt":{"rendered":"","protected":false},"author":2,"featured_media":158,"parent":0,"menu_order":0,"comment_status":"closed","ping_status":"closed","template":"","meta":{"footnotes":""},"acf":[],"rise-blocks_excerpt":"","uagb_featured_image_src":{"full":["http:\/\/www.erims.udl.cat\/wp-content\/uploads\/2021\/06\/dan-dimmock-3mt71MKGjQ0-unsplash-scaled.jpg",2560,1440,false],"thumbnail":["http:\/\/www.erims.udl.cat\/wp-content\/uploads\/2021\/06\/dan-dimmock-3mt71MKGjQ0-unsplash-150x150.jpg",150,150,true],"medium":["http:\/\/www.erims.udl.cat\/wp-content\/uploads\/2021\/06\/dan-dimmock-3mt71MKGjQ0-unsplash-300x169.jpg",300,169,true],"medium_large":["http:\/\/www.erims.udl.cat\/wp-content\/uploads\/2021\/06\/dan-dimmock-3mt71MKGjQ0-unsplash-768x432.jpg",640,360,true],"large":["http:\/\/www.erims.udl.cat\/wp-content\/uploads\/2021\/06\/dan-dimmock-3mt71MKGjQ0-unsplash-1024x576.jpg",640,360,true],"1536x1536":["http:\/\/www.erims.udl.cat\/wp-content\/uploads\/2021\/06\/dan-dimmock-3mt71MKGjQ0-unsplash-1536x864.jpg",1536,864,true],"2048x2048":["http:\/\/www.erims.udl.cat\/wp-content\/uploads\/2021\/06\/dan-dimmock-3mt71MKGjQ0-unsplash-2048x1152.jpg",2048,1152,true]},"uagb_author_info":{"display_name":"ERIMS UdL","author_link":"http:\/\/www.erims.udl.cat\/index.php\/author\/erims\/"},"uagb_comment_info":0,"uagb_excerpt":null,"_links":{"self":[{"href":"http:\/\/www.erims.udl.cat\/index.php\/wp-json\/wp\/v2\/pages\/460"}],"collection":[{"href":"http:\/\/www.erims.udl.cat\/index.php\/wp-json\/wp\/v2\/pages"}],"about":[{"href":"http:\/\/www.erims.udl.cat\/index.php\/wp-json\/wp\/v2\/types\/page"}],"author":[{"embeddable":true,"href":"http:\/\/www.erims.udl.cat\/index.php\/wp-json\/wp\/v2\/users\/2"}],"replies":[{"embeddable":true,"href":"http:\/\/www.erims.udl.cat\/index.php\/wp-json\/wp\/v2\/comments?post=460"}],"version-history":[{"count":1,"href":"http:\/\/www.erims.udl.cat\/index.php\/wp-json\/wp\/v2\/pages\/460\/revisions"}],"predecessor-version":[{"id":461,"href":"http:\/\/www.erims.udl.cat\/index.php\/wp-json\/wp\/v2\/pages\/460\/revisions\/461"}],"wp:featuredmedia":[{"embeddable":true,"href":"http:\/\/www.erims.udl.cat\/index.php\/wp-json\/wp\/v2\/media\/158"}],"wp:attachment":[{"href":"http:\/\/www.erims.udl.cat\/index.php\/wp-json\/wp\/v2\/media?parent=460"}],"curies":[{"name":"wp","href":"https:\/\/api.w.org\/{rel}","templated":true}]}}